{"id":126,"date":"2017-09-25T14:51:03","date_gmt":"2017-09-25T14:51:03","guid":{"rendered":"https:\/\/swedish-auto.com\/home\/"},"modified":"2018-03-27T16:12:00","modified_gmt":"2018-03-27T16:12:00","slug":"page-daccueil","status":"publish","type":"page","link":"https:\/\/swedish-auto.com\/fr\/","title":{"rendered":"Sp\u00e9cialiste de marque Volvo, Saab et Subaru"},"content":{"rendered":"<h1>\n\t\tSp\u00e9cialistes Volvo, Saab et Subaru<br \/>\n\t<\/h1>\n<p>Depuis 1973, Auto Swedish est une entreprise familiale qui vend, entretient et restaure des v\u00e9hicules de marques Volvo, Saab et, nouvellement, Subaru. Nous sommes fiers d\u2019\u00eatre des sp\u00e9cialistes de ces marques automobiles et sommes pr\u00eats \u00e0 g\u00e9rer l\u2019entretien et les r\u00e9parations de votre voiture. D\u00e8s que vous arrivez au garage, nous ne vous offrirons rien de moins qu\u2019un service honn\u00eate et de qualit\u00e9 sup\u00e9rieure. Notre \u00e9quipe et personnel exp\u00e9riment\u00e9s vous offrent un service personnalis\u00e9 et un travail de qualit\u00e9 pour mieux r\u00e9pondre \u00e0 vos besoins. Les v\u00e9hicules Volvo, Saab et Subaru sont des v\u00e9hicules de qualit\u00e9 n\u00e9cessitant tout de m\u00eame un entretien et des services r\u00e9guliers tels que recommand\u00e9s par le fabricant.<\/p>\n<p>\t\t\t\t<a href=\"https:\/\/swedish-auto.com\/used-cars-for-sale\/volvo\/\" target=\"_self\" itemprop=\"url\"><br \/>\n\t\t\t\t<img decoding=\"async\" src=\"https:\/\/swedish-auto.com\/wp-content\/uploads\/2017\/09\/volvo.png\" alt=\"volvo\" itemprop=\"image\"  \/><br \/>\n\t\t\t\t<\/a><br \/>\n\t\t\t\t<a href=\"https:\/\/swedish-auto.com\/used-cars-for-sale\/saab\/\" target=\"_self\" itemprop=\"url\"><br \/>\n\t\t\t\t<img decoding=\"async\" src=\"https:\/\/swedish-auto.com\/wp-content\/uploads\/2017\/09\/saab-1.png\" alt=\"saab\" itemprop=\"image\"  \/><br \/>\n\t\t\t\t<\/a><br \/>\n\t\t\t\t<a href=\"https:\/\/swedish-auto.com\/used-cars-for-sale\/subaru\/\" target=\"_self\" itemprop=\"url\"><br \/>\n\t\t\t\t<img decoding=\"async\" src=\"https:\/\/swedish-auto.com\/wp-content\/uploads\/2017\/09\/subaru.png\" alt=\"subaru\" itemprop=\"image\"  \/><br \/>\n\t\t\t\t<\/a><\/p>\n<h3>\n\t\t<a href=\"https:\/\/swedish-auto.com\/used-cars-for-sale\/?lang=fr\" title=\"V\u00c9HICULES \u00c0 VENDRE\" target=\"_self\"><br \/>\n\t\tV\u00c9HICULES \u00c0 VENDRE<br \/>\n\t\t<\/a><br \/>\n\t<\/h3>\n<h2>\n\t\tService de r\u00e9paration d&rsquo;auto<br \/>\n\t<\/h2>\n\t<div class=\"three_items\">\n\t\t\t<div id=\"widget_sp_image-5\" class=\"widget-container widget_sp_image\"><h4 class=\"widget-title\">PRENEZ RENDEZ-VOUS<\/h4><a href=\"https:\/\/swedish-auto.com\/fr\/contact\/\" target=\"_self\" class=\"widget_sp_image-image-link\" title=\"PRENEZ RENDEZ-VOUS\"><img loading=\"lazy\" decoding=\"async\" width=\"46\" height=\"46\" alt=\"PRENEZ RENDEZ-VOUS\" class=\"attachment-full\" style=\"max-width: 100%;\" src=\"https:\/\/swedish-auto.com\/wp-content\/uploads\/2017\/10\/calendar.png\" \/><\/a><\/div><div id=\"widget_sp_image-6\" class=\"widget-container widget_sp_image\"><h4 class=\"widget-title\">LAISSEZ SWEDISH TROUVER VOTRE PROCHAINE VOITURE!<\/h4><a href=\"https:\/\/swedish-auto.com\/fr\/let-swedish-find-you-your-next-car\/\" target=\"_self\" class=\"widget_sp_image-image-link\" title=\"LAISSEZ SWEDISH TROUVER VOTRE PROCHAINE VOITURE!\"><img loading=\"lazy\" decoding=\"async\" width=\"46\" height=\"46\" alt=\"LAISSEZ SWEDISH TROUVER VOTRE PROCHAINE VOITURE!\" class=\"attachment-full\" style=\"max-width: 100%;\" src=\"https:\/\/swedish-auto.com\/wp-content\/uploads\/2017\/10\/i.png\" \/><\/a><\/div><div id=\"widget_sp_image-7\" class=\"widget-container widget_sp_image\"><h4 class=\"widget-title\">QUELLE EST LA VALEUR DE VOTRE V\u00c9HICULE?<\/h4><a href=\"https:\/\/swedish-auto.com\/fr\/how-much-is-your-car-worth\/\" target=\"_self\" class=\"widget_sp_image-image-link\" title=\"QUELLE EST LA VALEUR DE VOTRE V\u00c9HICULE?\"><img loading=\"lazy\" decoding=\"async\" width=\"46\" height=\"46\" alt=\"QUELLE EST LA VALEUR DE VOTRE V\u00c9HICULE?\" class=\"attachment-full\" style=\"max-width: 100%;\" src=\"https:\/\/swedish-auto.com\/wp-content\/uploads\/2017\/10\/dollar.png\" \/><\/a><\/div>\t<\/div>\n\t\n<p>QUESTIONS? APPELEZ-NOUS:<a href=\"tell:+1 514 484 - 7834\"> +1 514 484 &#8211; 7834 <\/a><\/p>\n<h2>\n\t\tV\u00e9hicules d&rsquo;occasion \u00e0 vendre<br \/>\n\t<\/h2>\n\t<div class=\"clearfix used-car-for-sales\">\n\t\t<div>\n\t\t<aside class=\"col-lg-3 col-md-3 col-sm-4 col-xs-12\">\n\t\t\t\t\t\t<ul>\n\t\t\t\t<li>\n\t\t\t\t\t<span class=\"current filter-auto__home\"  id=\"all\">\n\t\t\t\t\t\tTOUS LES FABRICANTS\r\n\t\t\t\t\t<\/span>\n\t\t\t\t<\/li>\n\t\t\t\t\t\t\t\t\t<li>\n\t\t\t\t\t\t<span class=\"filter-auto__home\" id=\"non-classifiee\">\n\t\t\t\t\t\t\tNon classifi\u00e9(e)\t\t\t\t\t\t<\/span>\n\t\t\t\t\t<\/li>\n\t\t\t\t\t\t\t\t\t<li>\n\t\t\t\t\t\t<span class=\"filter-auto__home\" id=\"volvo-fr\">\n\t\t\t\t\t\t\tVolvo\t\t\t\t\t\t<\/span>\n\t\t\t\t\t<\/li>\n\t\t\t\t\t\t\t\t\t<li>\n\t\t\t\t\t\t<span class=\"filter-auto__home\" id=\"subaru-fr\">\n\t\t\t\t\t\t\tSubaru\t\t\t\t\t\t<\/span>\n\t\t\t\t\t<\/li>\n\t\t\t\t\t\t\t\t\t<li>\n\t\t\t\t\t\t<span class=\"filter-auto__home\" id=\"saab-fr\">\n\t\t\t\t\t\t\tSaab\t\t\t\t\t\t<\/span>\n\t\t\t\t\t<\/li>\n\t\t\t\t\t\t\t\t\t<li>\n\t\t\t\t\t\t<span class=\"filter-auto__home\" id=\"autres-fr\">\n\t\t\t\t\t\t\tAutres\t\t\t\t\t\t<\/span>\n\t\t\t\t\t<\/li>\n\t\t\t\t\t\t\t<\/ul>\n\t\t<\/aside>\n\t\t<div class=\"col-lg-9 col-md-9 col-sm-8 col-xs-12 grid\">\n\t\t\t\t\t\t\t<ul class=\"products\" id=\"ajax_content\">\n\t\t\t\t\t\t\t\t\t\t\t<li>\n\t\t\t\t\t\t\t<a href=\"https:\/\/swedish-auto.com\/fr\/produit\/volvo-v60-t5-awd\/\">\n\t\t\t\t\t\t\t\t\n\t\t\t\t\t\t\t\t<span class=\"register_attr\">Ann\u00e9e <\/span>\n\t\t\t\t\t\t\t\t<h2 class=\"woocommerce-loop-product__title\">\n\t\t\t\t\t\t\t\t\tVOLVO V60 T5 AWD\t\t\t\t\t\t\t\t<\/h2>\n                                       <span class=\"price\">\n                                                                                <\/span>\n\n\t\t\t\t\t\t\t\t\t<ul class=\"attr_block\">\n\t\t\t\t\t\t\t\t\t\t\t\t\t\t\t\t\t\t\t\t\t\t\t\t\t\t\t\t\t\t\t<li>Automatique<\/li>\n\t\t\t\t\t\t\t\t\t\t\t\t\t\t\t\t\t\t\t\t\t\t\t\t\t\t\t\t\t\t\t\t\t\t\t\t\t\t\t<\/ul>\n\n\t\t\t\t\t\t\t<\/a>\n\t\t\t\t\t\t<\/li>\n\t\t\t\t\t\t\t\t\t\t\t<li>\n\t\t\t\t\t\t\t<a href=\"https:\/\/swedish-auto.com\/fr\/produit\/volvo-s60-t5-awd-2013\/\">\n\t\t\t\t\t\t\t\t<img loading=\"lazy\" decoding=\"async\" width=\"300\" height=\"225\" src=\"https:\/\/swedish-auto.com\/wp-content\/uploads\/2018\/03\/P1010758-300x225.jpg\" class=\"attachment-cut size-cut wp-post-image\" alt=\"\" srcset=\"https:\/\/swedish-auto.com\/wp-content\/uploads\/2018\/03\/P1010758-300x225.jpg 300w, https:\/\/swedish-auto.com\/wp-content\/uploads\/2018\/03\/P1010758-768x576.jpg 768w, https:\/\/swedish-auto.com\/wp-content\/uploads\/2018\/03\/P1010758-1024x768.jpg 1024w, https:\/\/swedish-auto.com\/wp-content\/uploads\/2018\/03\/P1010758-120x90.jpg 120w, https:\/\/swedish-auto.com\/wp-content\/uploads\/2018\/03\/P1010758-180x135.jpg 180w, https:\/\/swedish-auto.com\/wp-content\/uploads\/2018\/03\/P1010758-600x450.jpg 600w, https:\/\/swedish-auto.com\/wp-content\/uploads\/2018\/03\/P1010758.jpg 1600w\" sizes=\"auto, (max-width: 300px) 100vw, 300px\" \/>\n\t\t\t\t\t\t\t\t<span class=\"register_attr\">Ann\u00e9e <\/span>\n\t\t\t\t\t\t\t\t<h2 class=\"woocommerce-loop-product__title\">\n\t\t\t\t\t\t\t\t\tVolvo S60 T5 AWD 2013\t\t\t\t\t\t\t\t<\/h2>\n                                       <span class=\"price\">\n                                         <del aria-hidden=\"true\"><span class=\"woocommerce-Price-amount amount\"><bdi><span class=\"woocommerce-Price-currencySymbol\">&#36;<\/span>20,500.00<\/bdi><\/span><\/del> <span class=\"screen-reader-text\">Original price was: &#036;20,500.00.<\/span><ins aria-hidden=\"true\"><span class=\"woocommerce-Price-amount amount\"><bdi><span class=\"woocommerce-Price-currencySymbol\">&#36;<\/span>19,900.00<\/bdi><\/span><\/ins><span class=\"screen-reader-text\">Current price is: &#036;19,900.00.<\/span>                                       <\/span>\n\n\t\t\t\t\t\t\t\t\t<ul class=\"attr_block\">\n\t\t\t\t\t\t\t\t\t\t\t\t\t\t\t\t\t\t\t\t\t\t\t\t\t\t\t\t\t\t\t\t\t\t\t\t\t\t\t\t\t\t\t\t\t\t\t\t\t<\/ul>\n\n\t\t\t\t\t\t\t<\/a>\n\t\t\t\t\t\t<\/li>\n\t\t\t\t\t\t\t\t\t\t\t<li>\n\t\t\t\t\t\t\t<a href=\"https:\/\/swedish-auto.com\/fr\/produit\/volvo-s90-2018-inscription-t6-awd\/\">\n\t\t\t\t\t\t\t\t\n\t\t\t\t\t\t\t\t<span class=\"register_attr\">Ann\u00e9e <\/span>\n\t\t\t\t\t\t\t\t<h2 class=\"woocommerce-loop-product__title\">\n\t\t\t\t\t\t\t\t\tVOLVO S90 2018 INSCRIPTION T6 AWD\t\t\t\t\t\t\t\t<\/h2>\n                                       <span class=\"price\">\n                                                                                <\/span>\n\n\t\t\t\t\t\t\t\t\t<ul class=\"attr_block\">\n\t\t\t\t\t\t\t\t\t\t\t\t\t\t\t\t\t\t\t\t\t\t\t\t\t\t\t\t\t\t\t\t\t\t\t\t\t\t\t\t\t\t\t\t\t\t\t\t\t<\/ul>\n\n\t\t\t\t\t\t\t<\/a>\n\t\t\t\t\t\t<\/li>\n\t\t\t\t\t\t\t\t\t<\/ul>\n\t\t\t\t\t<\/div>\n\t\t<\/div>\n\t<\/div>\n  \t\n<h2>Client, Propri\u00e9taire Volvo<\/h2>\n<p style=\"text-align: center;\">Donec facilisis velit eust. Phasellus cons quat. Aenean vitae quam. Vivamus et nunc. Nunc consequsem velde metus imperdiet lacinia. Nam rutrum congue diam. Vestibulum acda risus eros auctor egestas. Morbids sem magna, viverra quis sollicitudin quis consectetuer quis nec magna.<\/p>\n<h2>Donec facilisis velit eust.<\/h2>\n<p style=\"text-align: center;\">Donec facilisis velit eust. Phasellus cons quat. Aenean vitae quam. Vivamus et nunc. Nunc consequsem velde metus imperdiet lacinia. Nam rutrum congue diam. Vestibulum acda risus eros auctor egestas. Morbids sem magna, viverra quis sollicitudin quis consectetuer quis nec magna.<\/p>\n<p>Vivamus et nunc. Nunc consequsem velde metus imperdiet lacinia. Nam rutrum congue diam. Vestibulum acda risus eros auctor egestas. Morbids sem magna, viverra quis sollicitudin quis consectetuer quis nec magna.<\/p>\n<p>\t\t\t\t<a href=\"#\" aria-label=\"previous\" aria-role=\"button\"><svg version=\"1.1\" xmlns=\"http:\/\/www.w3.org\/2000\/svg\" xmlns:xlink=\"http:\/\/www.w3.org\/1999\/xlink\" viewBox=\"0 0 512 512\">\n<path d=\"M398.572,104.287L246.857,256.001l151.715,151.714c3.617,3.618,5.428,7.904,5.428,12.856c0,4.953-1.811,9.238-5.428,12.857 l-47.428,47.428c-3.619,3.619-7.904,5.428-12.857,5.428s-9.238-1.809-12.857-5.428l-212-212c-3.619-3.618-5.428-7.904-5.428-12.856 c0-4.953,1.81-9.238,5.428-12.857l212-212c3.619-3.618,7.904-5.428,12.857-5.428s9.238,1.81,12.857,5.428l47.428,47.429 C402.189,82.19,404,86.476,404,91.428c0,4.953-1.811,9.238-5.428,12.857V104.287z\"\/>\n<\/svg><br \/>\n<\/a><br \/>\n\t\t\t\t<a href=\"#\" aria-label=\"next\" aria-role=\"button\"><svg version=\"1.1\" xmlns=\"http:\/\/www.w3.org\/2000\/svg\" xmlns:xlink=\"http:\/\/www.w3.org\/1999\/xlink\" viewBox=\"0 0 512 512\">\n<path d=\"M113.428,407.713l151.715-151.714L113.428,104.285c-3.617-3.618-5.428-7.904-5.428-12.856c0-4.953,1.811-9.238,5.428-12.857 l47.428-47.428c3.619-3.619,7.904-5.428,12.857-5.428s9.238,1.809,12.857,5.428l212,212c3.619,3.618,5.429,7.904,5.429,12.856 c0,4.953-1.81,9.238-5.429,12.857l-212,212c-3.619,3.618-7.904,5.428-12.857,5.428s-9.238-1.81-12.857-5.428l-47.428-47.429 c-3.617-3.618-5.428-7.904-5.428-12.856c0-4.953,1.811-9.238,5.428-12.857V407.713z\"\/>\n<\/svg><br \/>\n<\/a><\/p>\n","protected":false},"excerpt":{"rendered":"<p>Inscipription model, must see!<\/p>\n","protected":false},"author":4,"featured_media":0,"parent":0,"menu_order":0,"comment_status":"closed","ping_status":"closed","template":"home.php","meta":{"_acf_changed":false,"footnotes":""},"class_list":["post-126","page","type-page","status-publish","hentry"],"acf":[],"yoast_head":"<!-- This site is optimized with the Yoast SEO plugin v23.9 - https:\/\/yoast.com\/wordpress\/plugins\/seo\/ -->\n<title>Sp\u00e9cialiste de marque Volvo, Saab et Subaru | Swedish Auto Center<\/title>\n<meta name=\"description\" content=\"Plus de 45 ans de service sp\u00e9cialis\u00e9 de ventes de v\u00e9hicules d\u2019occasion et de r\u00e9paration d&#039;auto de marque Volvo, Saab et Subaru.\" \/>\n<meta name=\"robots\" content=\"index, follow, max-snippet:-1, max-image-preview:large, max-video-preview:-1\" \/>\n<link rel=\"canonical\" href=\"https:\/\/swedish-auto.com\/fr\/\" \/>\n<meta property=\"og:locale\" content=\"fr_FR\" \/>\n<meta property=\"og:type\" content=\"article\" \/>\n<meta property=\"og:title\" content=\"Sp\u00e9cialiste de marque Volvo, Saab et Subaru | Swedish Auto Center\" \/>\n<meta property=\"og:description\" content=\"Plus de 45 ans de service sp\u00e9cialis\u00e9 de ventes de v\u00e9hicules d\u2019occasion et de r\u00e9paration d&#039;auto de marque Volvo, Saab et Subaru.\" \/>\n<meta property=\"og:url\" content=\"https:\/\/swedish-auto.com\/fr\/\" \/>\n<meta property=\"og:site_name\" content=\"Swedish Auto Center\" \/>\n<meta property=\"article:publisher\" content=\"https:\/\/www.facebook.com\/swedishautocentre\/\" \/>\n<meta property=\"article:modified_time\" content=\"2018-03-27T16:12:00+00:00\" \/>\n<meta property=\"og:image\" content=\"https:\/\/swedish-auto.com\/wp-content\/uploads\/2017\/09\/volvo.png\" \/>\n<meta name=\"twitter:card\" content=\"summary_large_image\" \/>\n<meta name=\"twitter:label1\" content=\"Dur\u00e9e de lecture estim\u00e9e\" \/>\n\t<meta name=\"twitter:data1\" content=\"1 minute\" \/>\n<script type=\"application\/ld+json\" class=\"yoast-schema-graph\">{\"@context\":\"https:\/\/schema.org\",\"@graph\":[{\"@type\":\"WebPage\",\"@id\":\"https:\/\/swedish-auto.com\/fr\/\",\"url\":\"https:\/\/swedish-auto.com\/fr\/\",\"name\":\"Sp\u00e9cialiste de marque Volvo, Saab et Subaru | Swedish Auto Center\",\"isPartOf\":{\"@id\":\"https:\/\/swedish-auto.com\/#website\"},\"primaryImageOfPage\":{\"@id\":\"https:\/\/swedish-auto.com\/fr\/#primaryimage\"},\"image\":{\"@id\":\"https:\/\/swedish-auto.com\/fr\/#primaryimage\"},\"thumbnailUrl\":\"https:\/\/swedish-auto.com\/wp-content\/uploads\/2017\/09\/volvo.png\",\"datePublished\":\"2017-09-25T14:51:03+00:00\",\"dateModified\":\"2018-03-27T16:12:00+00:00\",\"description\":\"Plus de 45 ans de service sp\u00e9cialis\u00e9 de ventes de v\u00e9hicules d\u2019occasion et de r\u00e9paration d'auto de marque Volvo, Saab et Subaru.\",\"breadcrumb\":{\"@id\":\"https:\/\/swedish-auto.com\/fr\/#breadcrumb\"},\"inLanguage\":\"fr-FR\",\"potentialAction\":[{\"@type\":\"ReadAction\",\"target\":[\"https:\/\/swedish-auto.com\/fr\/\"]}]},{\"@type\":\"ImageObject\",\"inLanguage\":\"fr-FR\",\"@id\":\"https:\/\/swedish-auto.com\/fr\/#primaryimage\",\"url\":\"https:\/\/swedish-auto.com\/wp-content\/uploads\/2017\/09\/volvo.png\",\"contentUrl\":\"https:\/\/swedish-auto.com\/wp-content\/uploads\/2017\/09\/volvo.png\"},{\"@type\":\"BreadcrumbList\",\"@id\":\"https:\/\/swedish-auto.com\/fr\/#breadcrumb\",\"itemListElement\":[{\"@type\":\"ListItem\",\"position\":1,\"name\":\"Home\",\"item\":\"https:\/\/swedish-auto.com\/fr\/\"},{\"@type\":\"ListItem\",\"position\":2,\"name\":\"Sp\u00e9cialiste de marque Volvo, Saab et Subaru\"}]},{\"@type\":\"WebSite\",\"@id\":\"https:\/\/swedish-auto.com\/#website\",\"url\":\"https:\/\/swedish-auto.com\/\",\"name\":\"Swedish Auto Center\",\"description\":\"Specialist of Volvo, Saab and Subaru cars.\",\"publisher\":{\"@id\":\"https:\/\/swedish-auto.com\/#organization\"},\"potentialAction\":[{\"@type\":\"SearchAction\",\"target\":{\"@type\":\"EntryPoint\",\"urlTemplate\":\"https:\/\/swedish-auto.com\/?s={search_term_string}\"},\"query-input\":{\"@type\":\"PropertyValueSpecification\",\"valueRequired\":true,\"valueName\":\"search_term_string\"}}],\"inLanguage\":\"fr-FR\"},{\"@type\":\"Organization\",\"@id\":\"https:\/\/swedish-auto.com\/#organization\",\"name\":\"Swedish Auto Center\",\"url\":\"https:\/\/swedish-auto.com\/\",\"logo\":{\"@type\":\"ImageObject\",\"inLanguage\":\"fr-FR\",\"@id\":\"https:\/\/swedish-auto.com\/#\/schema\/logo\/image\/\",\"url\":\"https:\/\/swedish-auto.com\/wp-content\/uploads\/2017\/10\/footer-logo.png\",\"contentUrl\":\"https:\/\/swedish-auto.com\/wp-content\/uploads\/2017\/10\/footer-logo.png\",\"width\":91,\"height\":85,\"caption\":\"Swedish Auto Center\"},\"image\":{\"@id\":\"https:\/\/swedish-auto.com\/#\/schema\/logo\/image\/\"},\"sameAs\":[\"https:\/\/www.facebook.com\/swedishautocentre\/\"]}]}<\/script>\n<!-- \/ Yoast SEO plugin. -->","yoast_head_json":{"title":"Sp\u00e9cialiste de marque Volvo, Saab et Subaru | Swedish Auto Center","description":"Plus de 45 ans de service sp\u00e9cialis\u00e9 de ventes de v\u00e9hicules d\u2019occasion et de r\u00e9paration d'auto de marque Volvo, Saab et Subaru.","robots":{"index":"index","follow":"follow","max-snippet":"max-snippet:-1","max-image-preview":"max-image-preview:large","max-video-preview":"max-video-preview:-1"},"canonical":"https:\/\/swedish-auto.com\/fr\/","og_locale":"fr_FR","og_type":"article","og_title":"Sp\u00e9cialiste de marque Volvo, Saab et Subaru | Swedish Auto Center","og_description":"Plus de 45 ans de service sp\u00e9cialis\u00e9 de ventes de v\u00e9hicules d\u2019occasion et de r\u00e9paration d'auto de marque Volvo, Saab et Subaru.","og_url":"https:\/\/swedish-auto.com\/fr\/","og_site_name":"Swedish Auto Center","article_publisher":"https:\/\/www.facebook.com\/swedishautocentre\/","article_modified_time":"2018-03-27T16:12:00+00:00","og_image":[{"url":"https:\/\/swedish-auto.com\/wp-content\/uploads\/2017\/09\/volvo.png"}],"twitter_card":"summary_large_image","twitter_misc":{"Dur\u00e9e de lecture estim\u00e9e":"1 minute"},"schema":{"@context":"https:\/\/schema.org","@graph":[{"@type":"WebPage","@id":"https:\/\/swedish-auto.com\/fr\/","url":"https:\/\/swedish-auto.com\/fr\/","name":"Sp\u00e9cialiste de marque Volvo, Saab et Subaru | Swedish Auto Center","isPartOf":{"@id":"https:\/\/swedish-auto.com\/#website"},"primaryImageOfPage":{"@id":"https:\/\/swedish-auto.com\/fr\/#primaryimage"},"image":{"@id":"https:\/\/swedish-auto.com\/fr\/#primaryimage"},"thumbnailUrl":"https:\/\/swedish-auto.com\/wp-content\/uploads\/2017\/09\/volvo.png","datePublished":"2017-09-25T14:51:03+00:00","dateModified":"2018-03-27T16:12:00+00:00","description":"Plus de 45 ans de service sp\u00e9cialis\u00e9 de ventes de v\u00e9hicules d\u2019occasion et de r\u00e9paration d'auto de marque Volvo, Saab et Subaru.","breadcrumb":{"@id":"https:\/\/swedish-auto.com\/fr\/#breadcrumb"},"inLanguage":"fr-FR","potentialAction":[{"@type":"ReadAction","target":["https:\/\/swedish-auto.com\/fr\/"]}]},{"@type":"ImageObject","inLanguage":"fr-FR","@id":"https:\/\/swedish-auto.com\/fr\/#primaryimage","url":"https:\/\/swedish-auto.com\/wp-content\/uploads\/2017\/09\/volvo.png","contentUrl":"https:\/\/swedish-auto.com\/wp-content\/uploads\/2017\/09\/volvo.png"},{"@type":"BreadcrumbList","@id":"https:\/\/swedish-auto.com\/fr\/#breadcrumb","itemListElement":[{"@type":"ListItem","position":1,"name":"Home","item":"https:\/\/swedish-auto.com\/fr\/"},{"@type":"ListItem","position":2,"name":"Sp\u00e9cialiste de marque Volvo, Saab et Subaru"}]},{"@type":"WebSite","@id":"https:\/\/swedish-auto.com\/#website","url":"https:\/\/swedish-auto.com\/","name":"Swedish Auto Center","description":"Specialist of Volvo, Saab and Subaru cars.","publisher":{"@id":"https:\/\/swedish-auto.com\/#organization"},"potentialAction":[{"@type":"SearchAction","target":{"@type":"EntryPoint","urlTemplate":"https:\/\/swedish-auto.com\/?s={search_term_string}"},"query-input":{"@type":"PropertyValueSpecification","valueRequired":true,"valueName":"search_term_string"}}],"inLanguage":"fr-FR"},{"@type":"Organization","@id":"https:\/\/swedish-auto.com\/#organization","name":"Swedish Auto Center","url":"https:\/\/swedish-auto.com\/","logo":{"@type":"ImageObject","inLanguage":"fr-FR","@id":"https:\/\/swedish-auto.com\/#\/schema\/logo\/image\/","url":"https:\/\/swedish-auto.com\/wp-content\/uploads\/2017\/10\/footer-logo.png","contentUrl":"https:\/\/swedish-auto.com\/wp-content\/uploads\/2017\/10\/footer-logo.png","width":91,"height":85,"caption":"Swedish Auto Center"},"image":{"@id":"https:\/\/swedish-auto.com\/#\/schema\/logo\/image\/"},"sameAs":["https:\/\/www.facebook.com\/swedishautocentre\/"]}]}},"_links":{"self":[{"href":"https:\/\/swedish-auto.com\/fr\/wp-json\/wp\/v2\/pages\/126","targetHints":{"allow":["GET"]}}],"collection":[{"href":"https:\/\/swedish-auto.com\/fr\/wp-json\/wp\/v2\/pages"}],"about":[{"href":"https:\/\/swedish-auto.com\/fr\/wp-json\/wp\/v2\/types\/page"}],"author":[{"embeddable":true,"href":"https:\/\/swedish-auto.com\/fr\/wp-json\/wp\/v2\/users\/4"}],"replies":[{"embeddable":true,"href":"https:\/\/swedish-auto.com\/fr\/wp-json\/wp\/v2\/comments?post=126"}],"version-history":[{"count":35,"href":"https:\/\/swedish-auto.com\/fr\/wp-json\/wp\/v2\/pages\/126\/revisions"}],"predecessor-version":[{"id":888,"href":"https:\/\/swedish-auto.com\/fr\/wp-json\/wp\/v2\/pages\/126\/revisions\/888"}],"wp:attachment":[{"href":"https:\/\/swedish-auto.com\/fr\/wp-json\/wp\/v2\/media?parent=126"}],"curies":[{"name":"wp","href":"https:\/\/api.w.org\/{rel}","templated":true}]}}